{"id":8575,"date":"2023-12-01T00:35:14","date_gmt":"2023-12-01T00:35:14","guid":{"rendered":"https:\/\/lacasarural.cat\/la-borda-del-feu-catalan\/"},"modified":"2024-06-01T12:21:29","modified_gmt":"2024-06-01T12:21:29","slug":"la-borda-del-feu-espanol","status":"publish","type":"page","link":"https:\/\/lacasarural.cat\/es\/la-borda-del-feu-espanol\/","title":{"rendered":"La Borda del Feu \u2013 espa\u00f1ol"},"content":{"rendered":"<section class=\"wpb-content-wrapper\"><p>[vc_row][vc_column css=&#8221;.vc_custom_1700790555920{margin-top: 0px !important;margin-bottom: 20px !important;}&#8221;][vc_column_text css=&#8221;.vc_custom_1701392991360{margin-bottom: 40px !important;}&#8221;]<\/p>\n<h1 style=\"text-align: center;\"><span style=\"color: #1f5f94;\">DESCUBRE LA BORDA DEL FEU<\/span> <span style=\"color: #7e9fc9;\">EN LA GU\u00c0RDIA D\u2019ARES<\/span><\/h1>\n<p>[\/vc_column_text][\/vc_column][\/vc_row][vc_row full_width=&#8221;stretch_row&#8221; content_placement=&#8221;top&#8221;][vc_column css=&#8221;.vc_custom_1700790632969{margin-bottom: 40px !important;}&#8221;][vc_row_inner css=&#8221;.vc_custom_1670058635957{margin-top: -15px !important;}&#8221;][vc_column_inner][vc_gallery type=&#8221;flexslider_slide&#8221; interval=&#8221;3&#8243; images=&#8221;6679,6682,6685,6688,6691,6673,6694,6697,6700,6703,6709,6706,6721,6718,6712,6730,6715,6724,6727,7878,7893,7884,7890,7875,7887,7896,7905,7908,7881&#8243; img_size=&#8221;1170x680px&#8221; css=&#8221;.vc_custom_1707835916376{margin-bottom: -50px !important;}&#8221;][vc_custom_heading text=&#8221;Conecta con la naturaleza y contigo mismo&#8221; font_container=&#8221;tag:h1|font_size:50|text_align:center|color:%231f5f94&#8243; google_fonts=&#8221;font_family:Montez%3Aregular|font_style:400%20regular%3A400%3Anormal&#8221; css=&#8221;.vc_custom_1701393014452{margin-top: 60px !important;}&#8221;][vc_single_image image=&#8221;3921&#8243; alignment=&#8221;center&#8221; css=&#8221;.vc_custom_1700794184892{margin-top: 30px !important;}&#8221;][vc_column_text]<strong>La Borda del Feu\u00a0<\/strong>tiene grandes jardines privados para vosotros, zona de hamacas, comedor exterior en el cobertizo con barbacoa, piscina y ba\u00f1era n\u00f3rdica calentada con estufa de le\u00f1a.<\/p>\n<p>En el interior una cocina bien equipada, comedor con estufa de le\u00f1a y en total siete habitaciones dobles con cuatro ba\u00f1os para un m\u00e1ximo de 14 personas. Podemos alquilar la casa por grupos m\u00e1s peque\u00f1os.<\/p>\n<p>Todos los espacios son exclusivos para nuestros hu\u00e9spedes y no se comparten con otros clientes.<\/p>\n<p>La capacidad m\u00e1xima de La Borda del Feu es de 14 personas.[\/vc_column_text][\/vc_column_inner][\/vc_row_inner][\/vc_column][\/vc_row][vc_row][vc_column][vc_column_text]<\/p>\n<h1 style=\"text-align: center;\">ALOJAMIENTOS<\/h1>\n<p>[\/vc_column_text][vc_column_text]Podemos alquilar la casa de la Borda del Feu con una, dos, tres, cuatro, cinco, seis o siete habitaciones dobles. Todas las habitaciones tienen cama de matrimonio. No hay ninguna habitaci\u00f3n donde se alojen m\u00e1s de dos personas. La capacidad m\u00e1xima de La Borda del Feu es de 14 personas. Las habitaciones que no se utilizan se cierran. Los jardines que rodean la casa, la era, el comedor exterior con barbacoa, la piscina y la ba\u00f1era n\u00f3rdica son de uso exclusivo de su grupo y no hay otro hu\u00e9sped.[\/vc_column_text][\/vc_column][\/vc_row][vc_row css=&#8221;.vc_custom_1707869062536{background-color: #ffffff !important;}&#8221;][vc_column css=&#8221;.vc_custom_1700745643311{background-color: #ffffff !important;}&#8221;][vc_column_text]<\/p>\n<h4 class=\"p1\" style=\"text-align: left;\">Serveis de la casa<\/h4>\n<p>[\/vc_column_text][vc_row_inner][vc_column_inner width=&#8221;1\/3&#8243;][vc_column_text css=&#8221;.vc_custom_1701393097977{margin-top: -17px !important;border-top-width: 1px !important;border-right-width: 1px !important;border-bottom-width: 1px !important;border-left-width: 1px !important;padding-bottom: 8px !important;border-left-color: #dedede !important;border-left-style: dashed !important;border-right-color: #dedede !important;border-right-style: dashed !important;border-top-color: #dedede !important;border-top-style: dashed !important;border-bottom-color: #dedede !important;border-bottom-style: dashed !important;}&#8221;]<span style=\"color: #4e505e;\"><img loading=\"lazy\" decoding=\"async\" class=\"alignleft wp-image-8401 size-full\" src=\"https:\/\/lacasarural.cat\/wp-content\/uploads\/2023\/11\/cocina.webp\" alt=\"\" width=\"38\" height=\"25\" \/> Cocina bien equipada<br \/>\n<\/span>[\/vc_column_text][vc_column_text css=&#8221;.vc_custom_1701393129212{margin-top: -17px !important;border-top-width: 1px !important;border-right-width: 1px !important;border-bottom-width: 1px !important;border-left-width: 1px !important;padding-bottom: 8px !important;border-left-color: #dedede !important;border-left-style: dashed !important;border-right-color: #dedede !important;border-right-style: dashed !important;border-top-color: #dedede !important;border-top-style: dashed !important;border-bottom-color: #dedede !important;border-bottom-style: dashed !important;}&#8221;]<img loading=\"lazy\" decoding=\"async\" class=\"alignleft wp-image-8414 size-full\" src=\"https:\/\/lacasarural.cat\/wp-content\/uploads\/2023\/11\/jardin-barbacoa.webp\" alt=\"\" width=\"38\" height=\"25\" \/>Jard\u00edn privado con barbacoa[\/vc_column_text][vc_column_text css=&#8221;.vc_custom_1700796562825{margin-top: -17px !important;border-top-width: 1px !important;border-right-width: 1px !important;border-bottom-width: 1px !important;border-left-width: 1px !important;padding-bottom: 8px !important;border-left-color: #dedede !important;border-left-style: dashed !important;border-right-color: #dedede !important;border-right-style: dashed !important;border-top-color: #dedede !important;border-top-style: dashed !important;border-bottom-color: #dedede !important;border-bottom-style: dashed !important;}&#8221;]<span style=\"color: #4e505e;\"><img loading=\"lazy\" decoding=\"async\" class=\"alignleft wp-image-8417 size-full\" src=\"https:\/\/lacasarural.cat\/wp-content\/uploads\/2023\/11\/wifi.webp\" alt=\"\" width=\"38\" height=\"25\" \/>Wi-Fi<br \/>\n<\/span>[\/vc_column_text][vc_column_text css=&#8221;.vc_custom_1701393200366{margin-top: -17px !important;border-top-width: 1px !important;border-right-width: 1px !important;border-bottom-width: 1px !important;border-left-width: 1px !important;padding-bottom: 8px !important;border-left-color: #dedede !important;border-left-style: dashed !important;border-right-color: #dedede !important;border-right-style: dashed !important;border-top-color: #dedede !important;border-top-style: dashed !important;border-bottom-color: #dedede !important;border-bottom-style: dashed !important;}&#8221;]<img loading=\"lazy\" decoding=\"async\" class=\"alignleft wp-image-8375 size-full\" src=\"https:\/\/lacasarural.cat\/wp-content\/uploads\/2023\/11\/tumbona.webp\" alt=\"\" width=\"38\" height=\"25\" \/>Hamaca y columpios[\/vc_column_text][\/vc_column_inner][vc_column_inner width=&#8221;1\/3&#8243;][vc_column_text css=&#8221;.vc_custom_1701393111522{margin-top: -17px !important;border-top-width: 1px !important;border-right-width: 1px !important;border-bottom-width: 1px !important;border-left-width: 1px !important;padding-bottom: 8px !important;border-left-color: #dedede !important;border-left-style: dashed !important;border-right-color: #dedede !important;border-right-style: dashed !important;border-top-color: #dedede !important;border-top-style: dashed !important;border-bottom-color: #dedede !important;border-bottom-style: dashed !important;}&#8221;]<img loading=\"lazy\" decoding=\"async\" class=\"alignleft wp-image-8407 size-full\" src=\"https:\/\/lacasarural.cat\/wp-content\/uploads\/2023\/11\/chimenea.webp\" alt=\"\" width=\"38\" height=\"25\" \/>Estufa de le\u00f1a[\/vc_column_text][vc_column_text css=&#8221;.vc_custom_1701393142592{margin-top: -17px !important;border-top-width: 1px !important;border-right-width: 1px !important;border-bottom-width: 1px !important;border-left-width: 1px !important;padding-bottom: 8px !important;border-left-color: #dedede !important;border-left-style: dashed !important;border-right-color: #dedede !important;border-right-style: dashed !important;border-top-color: #dedede !important;border-top-style: dashed !important;border-bottom-color: #dedede !important;border-bottom-style: dashed !important;}&#8221;]<img loading=\"lazy\" decoding=\"async\" class=\"alignleft wp-image-8569 size-full\" src=\"https:\/\/lacasarural.cat\/wp-content\/uploads\/2023\/12\/pergola.webp\" alt=\"\" width=\"38\" height=\"25\" \/>Comedor exterior cubierto[\/vc_column_text][vc_column_text css=&#8221;.vc_custom_1701393169174{margin-top: -17px !important;border-top-width: 1px !important;border-right-width: 1px !important;border-bottom-width: 1px !important;border-left-width: 1px !important;padding-bottom: 8px !important;border-left-color: #dedede !important;border-left-style: dashed !important;border-right-color: #dedede !important;border-right-style: dashed !important;border-top-color: #dedede !important;border-top-style: dashed !important;border-bottom-color: #dedede !important;border-bottom-style: dashed !important;}&#8221;]<img loading=\"lazy\" decoding=\"async\" class=\"alignleft wp-image-8420 size-full\" src=\"https:\/\/lacasarural.cat\/wp-content\/uploads\/2023\/11\/mascotas.webp\" alt=\"\" width=\"38\" height=\"25\" \/>\u00a1Mascotas s\u00ed![\/vc_column_text][vc_column_text css=&#8221;.vc_custom_1701393212150{margin-top: -17px !important;border-top-width: 1px !important;border-right-width: 1px !important;border-bottom-width: 1px !important;border-left-width: 1px !important;padding-bottom: 8px !important;border-left-color: #dedede !important;border-left-style: dashed !important;border-right-color: #dedede !important;border-right-style: dashed !important;border-top-color: #dedede !important;border-top-style: dashed !important;border-bottom-color: #dedede !important;border-bottom-style: dashed !important;}&#8221;]<img loading=\"lazy\" decoding=\"async\" class=\"alignleft size-full wp-image-8384\" src=\"https:\/\/lacasarural.cat\/wp-content\/uploads\/2023\/11\/energia-renovable.webp\" alt=\"\" width=\"38\" height=\"25\" \/>Energ\u00edas renovables[\/vc_column_text][\/vc_column_inner][vc_column_inner width=&#8221;1\/3&#8243;][vc_column_text css=&#8221;.vc_custom_1701393119672{margin-top: -17px !important;border-top-width: 1px !important;border-right-width: 1px !important;border-bottom-width: 1px !important;border-left-width: 1px !important;padding-bottom: 8px !important;border-left-color: #dedede !important;border-left-style: dashed !important;border-right-color: #dedede !important;border-right-style: dashed !important;border-top-color: #dedede !important;border-top-style: dashed !important;border-bottom-color: #dedede !important;border-bottom-style: dashed !important;}&#8221;]<img loading=\"lazy\" decoding=\"async\" class=\"alignleft wp-image-8411 size-full\" src=\"https:\/\/lacasarural.cat\/wp-content\/uploads\/2023\/11\/vista-panoramica.webp\" alt=\"\" width=\"38\" height=\"25\" \/>Preciosas vistas[\/vc_column_text][vc_column_text css=&#8221;.vc_custom_1701392734184{margin-top: -17px !important;border-top-width: 1px !important;border-right-width: 1px !important;border-bottom-width: 1px !important;border-left-width: 1px !important;padding-bottom: 8px !important;border-left-color: #dedede !important;border-left-style: dashed !important;border-right-color: #dedede !important;border-right-style: dashed !important;border-top-color: #dedede !important;border-top-style: dashed !important;border-bottom-color: #dedede !important;border-bottom-style: dashed !important;}&#8221;]<span style=\"color: #4e505e;\"><img loading=\"lazy\" decoding=\"async\" class=\"alignleft size-full wp-image-8424\" src=\"https:\/\/lacasarural.cat\/wp-content\/uploads\/2023\/11\/piscina-exterior.webp\" alt=\"\" width=\"38\" height=\"25\" \/>Piscina exterior<br \/>\n<\/span>[\/vc_column_text][vc_column_text css=&#8221;.vc_custom_1701393182402{margin-top: -17px !important;border-top-width: 1px !important;border-right-width: 1px !important;border-bottom-width: 1px !important;border-left-width: 1px !important;padding-bottom: 8px !important;border-left-color: #dedede !important;border-left-style: dashed !important;border-right-color: #dedede !important;border-right-style: dashed !important;border-top-color: #dedede !important;border-top-style: dashed !important;border-bottom-color: #dedede !important;border-bottom-style: dashed !important;}&#8221;]<img loading=\"lazy\" decoding=\"async\" class=\"alignleft size-full wp-image-8427\" src=\"https:\/\/lacasarural.cat\/wp-content\/uploads\/2023\/11\/banera-nordica.webp\" alt=\"\" width=\"38\" height=\"25\" \/>Ba\u00f1era n\u00f3rdica exterior[\/vc_column_text][\/vc_column_inner][\/vc_row_inner][\/vc_column][\/vc_row][vc_row][vc_column][vc_column_text]<\/p>\n<h3>Sostenibilidad y Energ\u00edas Renovables<\/h3>\n<p>En la Borda del Feu hemos hecho una importante reforma energ\u00e9tica consistente en el aislamiento del tejado de la casa, la utilizaci\u00f3n de equipos de aerotermia para producir la calefacci\u00f3n y el agua caliente sanitaria, y la instalaci\u00f3n de placas solares fotovoltaicas para generar electricidad. Todo esto gracias al apoyo financiero de los<\/p>\n<p>Fondo Next Generation de la Uni\u00f3n Europea gestionados por el Instituto Catal\u00e1n de Energ\u00eda <a href=\"https:\/\/icaen.gencat.cat\/\">(ICAEN)<\/a>[\/vc_column_text][vc_row_inner][vc_column_inner width=&#8221;1\/2&#8243;][vc_single_image image=&#8221;8877&#8243; img_size=&#8221;medium&#8221; onclick=&#8221;img_link_large&#8221;][\/vc_column_inner][vc_column_inner width=&#8221;1\/2&#8243;][vc_single_image image=&#8221;8874&#8243; img_size=&#8221;medium&#8221; onclick=&#8221;img_link_large&#8221;][\/vc_column_inner][\/vc_row_inner][\/vc_column][\/vc_row]<\/p>\n<\/section>","protected":false},"excerpt":{"rendered":"<p>[vc_row][vc_column css=&#8221;.vc_custom_1700790555920{margin-top: 0px !important;margin-bottom: 20px !important;}&#8221;][vc_column_text css=&#8221;.vc_custom_1701392991360{margin-bottom: 40px !important;}&#8221;] DESCUBRE LA BORDA DEL FEU EN LA GU\u00c0RDIA D\u2019ARES [\/vc_column_text][\/vc_column][\/vc_row][vc_row full_width=&#8221;stretch_row&#8221; content_placement=&#8221;top&#8221;][vc_column css=&#8221;.vc_custom_1700790632969{margin-bottom: 40px !important;}&#8221;][vc_row_inner css=&#8221;.vc_custom_1670058635957{margin-top: -15px !important;}&#8221;][vc_column_inner][vc_gallery type=&#8221;flexslider_slide&#8221; interval=&#8221;3&#8243; images=&#8221;6679,6682,6685,6688,6691,6673,6694,6697,6700,6703,6709,6706,6721,6718,6712,6730,6715,6724,6727,7878,7893,7884,7890,7875,7887,7896,7905,7908,7881&#8243; img_size=&#8221;1170x680px&#8221; css=&#8221;.vc_custom_1707835916376{margin-bottom: -50px !important;}&#8221;][vc_custom_heading text=&#8221;Conecta con la naturaleza y contigo mismo&#8221; font_container=&#8221;tag:h1|font_size:50|text_align:center|color:%231f5f94&#8243; google_fonts=&#8221;font_family:Montez%3Aregular|font_style:400%20regular%3A400%3Anormal&#8221; css=&#8221;.vc_custom_1701393014452{margin-top: 60px !important;}&#8221;][vc_single_image image=&#8221;3921&#8243; alignment=&#8221;center&#8221; css=&#8221;.vc_custom_1700794184892{margin-top: 30px !important;}&#8221;][vc_column_text]La Borda del Feu\u00a0tiene grandes [&hellip;]<\/p>\n","protected":false},"author":1,"featured_media":0,"parent":0,"menu_order":0,"comment_status":"closed","ping_status":"closed","template":"","meta":{"_joinchat":[],"footnotes":""},"_links":{"self":[{"href":"https:\/\/lacasarural.cat\/es\/wp-json\/wp\/v2\/pages\/8575"}],"collection":[{"href":"https:\/\/lacasarural.cat\/es\/wp-json\/wp\/v2\/pages"}],"about":[{"href":"https:\/\/lacasarural.cat\/es\/wp-json\/wp\/v2\/types\/page"}],"author":[{"embeddable":true,"href":"https:\/\/lacasarural.cat\/es\/wp-json\/wp\/v2\/users\/1"}],"replies":[{"embeddable":true,"href":"https:\/\/lacasarural.cat\/es\/wp-json\/wp\/v2\/comments?post=8575"}],"version-history":[{"count":8,"href":"https:\/\/lacasarural.cat\/es\/wp-json\/wp\/v2\/pages\/8575\/revisions"}],"predecessor-version":[{"id":8887,"href":"https:\/\/lacasarural.cat\/es\/wp-json\/wp\/v2\/pages\/8575\/revisions\/8887"}],"wp:attachment":[{"href":"https:\/\/lacasarural.cat\/es\/wp-json\/wp\/v2\/media?parent=8575"}],"curies":[{"name":"wp","href":"https:\/\/api.w.org\/{rel}","templated":true}]}}